{"id":21449,"date":"2021-11-18T14:41:04","date_gmt":"2021-11-18T13:41:04","guid":{"rendered":"https:\/\/open2europe.com\/agentur-fuer-pressearbeit-in-europa\/"},"modified":"2022-11-15T14:52:41","modified_gmt":"2022-11-15T13:52:41","slug":"agentur-fuer-pressearbeit-in-europa","status":"publish","type":"page","link":"https:\/\/open2europe.com\/de\/agentur-fuer-pressearbeit-in-europa\/","title":{"rendered":"Agentur f\u00fcr Pressearbeit in Europa"},"content":{"rendered":"<div class=\"et_d4_element et_pb_section et_pb_section_0  et_pb_css_mix_blend_mode et_section_regular et_block_section\" >\n\t\t\t\t\n\t\t\t\t\n\t\t\t\t\n\t\t\t\t\n\t\t\t\t\n\t\t\t\t\n\t\t\t\t<div class=\"et_d4_element et_pb_row et_pb_row_0  et_pb_css_mix_blend_mode et_block_row\">\n\t\t\t\t<div class=\"et_d4_element et_pb_column_4_4 et_pb_column et_pb_column_0  et_pb_css_mix_blend_mode et-last-child et_block_column\">\n\t\t\t\t\n\t\t\t\t\n\t\t\t\t\n\t\t\t\t\n\t\t\t\t<div class=\"et_pb_module et_d4_element et_pb_text et_pb_text_0  et_pb_text_align_left et_pb_bg_layout_light\">\n\t\t\t\t\n\t\t\t\t\n\t\t\t\t\n\t\t\t\t\n\t\t\t\t<div class=\"et_pb_text_inner\">Unsere europ\u00e4ischen Teams bestehen aus Experten im Bereich Kommunikation und Medienarbeit. In unserer Agentur f\u00fcr Pressebeziehungen mit Hauptsitz in Paris sind mehr als 20 Nationalit\u00e4ten vertreten. Als Einheimische ihres jeweiligen Heimatlandes beherrschen unsere europ\u00e4ischen Berater nicht nur die Sprache, sondern auch die kulturellen, sozialen und wirtschaftlichen Besonderheiten ihrer L\u00e4nder und sind mit den lokalen Medienwelten (Print, Online, Audio, Blogs und soziale Netzwerke) bestens vertraut.<\/p>\n<p>Sie sind in der Lage, Strategien f\u00fcr Medienbeziehungen und Einflussnahme, die mit Ihren Kommunikationszielen pro Markt \u00fcbereinstimmen, zu definieren und umzusetzen. Sie begleiten Sie auch bei der Erstellung von Inhalten und der Ausarbeitung von Kommunikationsmitteln (Pressemitteilungen oder -dossiers, ...), indem sie diese an die kulturspezifischen Merkmale des jeweiligen Landes anpassen. Sie wissen auch die Organisation Ihrer Presseveranstaltungen (Pressetouren, Pressekonferenzen usw.) zu \u00fcbernehmen und begleiten Sie bei Ihren Auftritten auf nationalen und internationalen Fach- und Publikumsmessen.<\/p>\n<p>In enger Zusammenarbeit mit den Branchenexperten unserer Agentur, k\u00f6nnen unsere europ\u00e4ischen Teams Ihre Strategie auf Ihre lokalen M\u00e4rkte \u00fcbertragen. Sei es in den Bereichen Hightech, Food, Tourismus, Sch\u00f6nheit, Mode oder Massenkonsum...<\/p>\n<p>Mit der Unterst\u00fctzung unserer Experten f\u00fcr digitale Kommunikation k\u00f6nnen Ihre Medienkampagnen \u00fcberall auf der Welt eine 2.0-Dimension annehmen.<\/div>\n\t\t\t<\/div>\n\t\t\t<\/div>\n\t\t\t\t\n\t\t\t\t\n\t\t\t\t\n\t\t\t\t\n\t\t\t<\/div>\n\t\t\t\t\n\t\t\t\t\n\t\t\t<\/div>\n","protected":false},"excerpt":{"rendered":"<p>Unsere Agentur f\u00fcr Pressebeziehungen in Europa bietet Ihnen einen zentralen Zugang zu allen europ\u00e4ischen M\u00e4rkten:<br \/>\n<a href=\"https:\/\/open2europe.com\/agence-de-relations-presse-en-france\/\">PR in Frankreich<\/a><br \/>\n<a href=\"https:\/\/open2europe.com\/agence-de-relations-presse-angleterre\/\">PR in England<\/a><br \/>\n<a href=\"https:\/\/open2europe.com\/agence-relations-presse-en-allemagne-autriche-et-suisse\/\">PR in Deutschland, \u00d6sterreich &amp; Schweiz<\/a><br \/>\n<a href=\"https:\/\/open2europe.com\/agence-relation-presse-benelux-en-belgique-hollande\/\">RP in Benelux, Belgien &amp; Niederlande<\/a><br \/>\n<a href=\"https:\/\/open2europe.com\/agence-de-relations-presse-en-italie\/\">PR in Italien<\/a><br \/>\n<a href=\"https:\/\/open2europe.com\/agence-relation-presse-espagne-et-portugal\/\">PR in Spanien &amp; Portugal<\/a><br \/>\n<a href=\"https:\/\/open2europe.com\/agence-relation-presse-en-europe-de-lest\/\">PR in Osteuropa<\/a><br \/>\n<a href=\"https:\/\/open2europe.com\/agence-relation-presse-en-europe-du-nord\/\">PR in Nordeuropa<\/a><\/p>\n","protected":false},"author":1,"featured_media":0,"parent":0,"menu_order":0,"comment_status":"closed","ping_status":"closed","template":"","meta":{"_acf_changed":false,"content-type":"","_et_pb_use_builder":"off","_et_pb_old_content":"[vc_row full_width=\"stretch_row_content_no_spaces\" equal_height=\"yes\" video_overlay_color=\"rgba(10,10,10,0.27)\" css=\".vc_custom_1580831706990{background-position: center !important;background-repeat: no-repeat !important;background-size: cover !important;}\"][vc_column width=\"1\/2\" css=\".vc_custom_1582023213653{background-image: url(https:\/\/open2communications.com\/wp-content\/uploads\/2020\/02\/03_Expertises_Secteur_Mode.png?id=17679) !important;background-position: center !important;background-repeat: no-repeat !important;background-size: cover !important;}\"][\/vc_column][vc_column width=\"1\/2\" css=\".vc_custom_1582018534353{padding-right: 10% !important;padding-bottom: 3% !important;padding-left: 10% !important;}\"][vc_custom_heading source=\"post_title\" font_container=\"tag:h1|font_size:38|text_align:left|color:%233a3a3a\" use_theme_fonts=\"yes\" css_animation=\"left-to-right\" el_id=\"home\" css=\".vc_custom_1580832251072{padding-bottom: 3% !important;}\"][vc_custom_heading text=\"Open2Europe vous donne un acc\u00e8s centralis\u00e9 \u00e0 l\u2019ensemble des march\u00e9s europ\u00e9en\" font_container=\"tag:h2|font_size:20|text_align:left\" use_theme_fonts=\"yes\" css=\".vc_custom_1582880410758{padding-bottom: 3% !important;}\"][vc_column_text]Nos \u00e9quipes europ\u00e9ennes sont constitu\u00e9es d\u2019experts de la communication et des relations m\u00e9dias. Plus de 20 nationalit\u00e9s sont repr\u00e9sent\u00e9es au si\u00e8ge \u00e0 Paris. Natifs de leurs pays, nos consultants europ\u00e9ens ma\u00eetrisent la langue mais aussi les sp\u00e9cificit\u00e9s culturelles, sociales et \u00e9conomiques de leurs pays, et connaissent parfaitement leurs univers m\u00e9diatiques locaux (print, online, audio, blogs et les r\u00e9seaux sociaux).\r\n\r\nCapables de d\u00e9finir et de mettre en \u0153uvre des strat\u00e9gies de relations m\u00e9dias et d\u2019influence en ad\u00e9quation avec vos objectifs de communication par march\u00e9, ils vous accompagnent dans la cr\u00e9ation de contenus et l\u2019\u00e9laboration des outils de communication (communiqu\u00e9s ou dossiers de presse, \u2026) en les adaptant aux codes culturels de leurs pays. Ils sauront \u00e9galement g\u00e9rer l\u2019organisation de vos \u00e9v\u00e9nements presse (press-tours, conf\u00e9rences de presse, \u2026) et vous accompagner dans vos prises de parole lors de salons professionnels et grand public, qu\u2019ils soient nationaux ou d\u2019envergure internationale.\r\nEn collaboration \u00e9troite avec les experts sectoriels de l\u2019agence, les \u00e9quipes europ\u00e9ennes peuvent d\u00e9cliner votre strat\u00e9gie sur vos march\u00e9s locaux aussi bien en high-tech, food, tourisme, beaut\u00e9, mode, grande consommation\u2026\r\nEnfin, avec l\u2019appui de nos experts en communication digitale, vos campagnes de relations m\u00e9dias peuvent prendre une dimension 2.0 partout dans le monde.\r\n\r\n[\/vc_column_text][vc_btn title=\"En savoir plus\" style=\"outline\" shape=\"round\" color=\"black\" size=\"lg\" align=\"left\" link=\"url:https%3A%2F%2Fopen2communications.com%2Fjoin-us-as-a-community-manager%2F|title:Agence%20Marketing%20d'Influence%20International||\" el_id=\"home\"][\/vc_column][\/vc_row][vc_row full_width=\"stretch_row_content_no_spaces\" equal_height=\"yes\"][vc_column width=\"1\/2\" css=\".vc_custom_1580834861830{padding-top: 10% !important;padding-right: 5% !important;padding-bottom: 5% !important;padding-left: 5% !important;background-color: #2c5398 !important;}\"][vc_custom_heading text=\"Parlons de vos projets!\r\nContactez-nous\" font_container=\"tag:h3|text_align:center|color:%23ffffff\" use_theme_fonts=\"yes\" link=\"url:https%3A%2F%2Fopen2digital.com%2Fcontact%2F|title:Contact||\"][vc_btn title=\"+33 1 55 02 14 53\" style=\"custom\" custom_background=\"#ffffff\" custom_text=\"#2c5398\" shape=\"round\" align=\"center\" i_icon_fontawesome=\"fas fa-phone-alt\" add_icon=\"true\" link=\"url:tel%3A%2B33155021453|||\"][\/vc_column][vc_column width=\"1\/2\" css=\".vc_custom_1580835110595{padding-top: 8% !important;padding-right: 8% !important;padding-bottom: 8% !important;padding-left: 8% !important;background-color: #19a5d4 !important;}\"][vc_custom_heading text=\"Retrouvez tout nos secteurs d'activites\" font_container=\"tag:h4|text_align:left\" use_theme_fonts=\"yes\" el_id=\"white\"][vc_row_inner gap=\"10\"][vc_column_inner width=\"1\/2\"][vc_column_text el_id=\"white\"]\r\n<ul>\r\n \t<li>I am text block.<\/li>\r\n \t<li>Click edit button to change this text.<\/li>\r\n \t<li>Lorem ipsum dolor sit amet, consectetur adipiscing elit.<\/li>\r\n \t<li>Ut elit tellus, luctus nec ullamcorper mattis, pulvinar dapibus leo.<\/li>\r\n<\/ul>\r\n[\/vc_column_text][\/vc_column_inner][vc_column_inner width=\"1\/2\"][vc_column_text el_id=\"white\"]\r\n<ul>\r\n \t<li>I am text block.<\/li>\r\n \t<li>Click edit button to change this text.<\/li>\r\n \t<li>Lorem ipsum dolor sit amet, consectetur adipiscing elit.<\/li>\r\n \t<li>Ut elit tellus, luctus nec ullamcorper mattis, pulvinar dapibus leo.<\/li>\r\n<\/ul>\r\n[\/vc_column_text][\/vc_column_inner][\/vc_row_inner][\/vc_column][\/vc_row]","_et_gb_content_width":"","footnotes":""},"class_list":["post-21449","page","type-page","status-publish","hentry"],"acf":[],"aioseo_notices":[],"_links":{"self":[{"href":"https:\/\/open2europe.com\/de\/wp-json\/wp\/v2\/pages\/21449","targetHints":{"allow":["GET"]}}],"collection":[{"href":"https:\/\/open2europe.com\/de\/wp-json\/wp\/v2\/pages"}],"about":[{"href":"https:\/\/open2europe.com\/de\/wp-json\/wp\/v2\/types\/page"}],"author":[{"embeddable":true,"href":"https:\/\/open2europe.com\/de\/wp-json\/wp\/v2\/users\/1"}],"replies":[{"embeddable":true,"href":"https:\/\/open2europe.com\/de\/wp-json\/wp\/v2\/comments?post=21449"}],"version-history":[{"count":20,"href":"https:\/\/open2europe.com\/de\/wp-json\/wp\/v2\/pages\/21449\/revisions"}],"predecessor-version":[{"id":24127,"href":"https:\/\/open2europe.com\/de\/wp-json\/wp\/v2\/pages\/21449\/revisions\/24127"}],"wp:attachment":[{"href":"https:\/\/open2europe.com\/de\/wp-json\/wp\/v2\/media?parent=21449"}],"curies":[{"name":"wp","href":"https:\/\/api.w.org\/{rel}","templated":true}]}}