{"id":23066,"date":"2021-12-09T17:13:39","date_gmt":"2021-12-09T16:13:39","guid":{"rendered":"https:\/\/open2europe.com\/contacto\/"},"modified":"2026-02-04T13:51:59","modified_gmt":"2026-02-04T12:51:59","slug":"contacto","status":"publish","type":"page","link":"https:\/\/open2europe.com\/es\/contacto\/","title":{"rendered":"Contacto"},"content":{"rendered":"<div class=\"et_pb_section_0 et_pb_section et_section_regular et_block_section\"><div class=\"et_pb_row_0 et_pb_row et_block_row\"><div class=\"et_pb_column_0 et_pb_column et_pb_column_3_5 et_block_column et_pb_css_mix_blend_mode_passthrough\"><div class=\"et_pb_text_0 et_pb_text et_pb_bg_layout_light et_pb_module et_block_module\"><div class=\"et_pb_text_inner\">\n\t\t\t\t\t\t<script>\n\t\t\t\t\t\t\twindow.hsFormsOnReady = window.hsFormsOnReady || [];\n\t\t\t\t\t\t\twindow.hsFormsOnReady.push(()=>{\n\t\t\t\t\t\t\t\thbspt.forms.create({\n\t\t\t\t\t\t\t\t\tportalId: 4565208,\n\t\t\t\t\t\t\t\t\tformId: \"8836a24b-a224-4287-9aac-929cbfcf724e\",\n\t\t\t\t\t\t\t\t\ttarget: \"#hbspt-form-1777497895000-4360389802\",\n\t\t\t\t\t\t\t\t\tregion: \"na1\",\n\t\t\t\t\t\t\t\t\t\n\t\t\t\t\t\t\t})});\n\t\t\t\t\t\t<\/script>\n\t\t\t\t\t\t<div class=\"hbspt-form\" id=\"hbspt-form-1777497895000-4360389802\"><\/div>\n<\/div><\/div><\/div><div class=\"et_pb_column_1 et_pb_column et_pb_column_2_5 et-last-child et_block_column et_pb_css_mix_blend_mode_passthrough\"><div class=\"et_pb_text_1 et_pb_text et_pb_bg_layout_light et_pb_module et_block_module\"><div class=\"et_pb_text_inner\"><p><strong>Tel\u00e9fono<\/strong><br \/><a href=\"tel:+33155021453\">+33 (0) 1 55 02 14 53<\/a><\/p>\n<p><strong>Direcci\u00f3n<\/strong><br \/>Open2Europe<br \/>63-65 Avenue Gabriel P\u00e9ri<br \/>92600 Asni\u00e8res-sur-Seine<br \/>Paris , Francia<\/p>\n<p><strong>Email<\/strong><br \/><a href=\"mailto:contact@open2europe.com\">contact@open2europe.com<\/a><\/p>\n<p><strong>Unete a nuestro equipo<\/strong><br \/>Postuler ici : <a href=\"mailto:oceane@open2europe.com\">oceane@open2europe.com<\/a><\/p>\n<\/div><\/div><\/div><\/div><\/div>","protected":false},"excerpt":{"rendered":"<p>\u00a1Hablemos de usted!<br \/>\n\u00bfProyectos de comunicaci\u00f3n en Francia y\/o a nivel internacional? \u00bfLe gustar\u00eda estar en contacto con los medios de comunicaci\u00f3n que realmente cuentan? Para todas las solicitudes de apoyo en materia de comunicaci\u00f3n, comun\u00edquese con nosotros.<\/p>\n","protected":false},"author":1,"featured_media":0,"parent":0,"menu_order":0,"comment_status":"closed","ping_status":"closed","template":"","meta":{"_acf_changed":false,"content-type":"","footnotes":""},"class_list":["post-23066","page","type-page","status-publish","hentry"],"acf":[],"aioseo_notices":[],"_links":{"self":[{"href":"https:\/\/open2europe.com\/es\/wp-json\/wp\/v2\/pages\/23066","targetHints":{"allow":["GET"]}}],"collection":[{"href":"https:\/\/open2europe.com\/es\/wp-json\/wp\/v2\/pages"}],"about":[{"href":"https:\/\/open2europe.com\/es\/wp-json\/wp\/v2\/types\/page"}],"author":[{"embeddable":true,"href":"https:\/\/open2europe.com\/es\/wp-json\/wp\/v2\/users\/1"}],"replies":[{"embeddable":true,"href":"https:\/\/open2europe.com\/es\/wp-json\/wp\/v2\/comments?post=23066"}],"version-history":[{"count":14,"href":"https:\/\/open2europe.com\/es\/wp-json\/wp\/v2\/pages\/23066\/revisions"}],"predecessor-version":[{"id":31622,"href":"https:\/\/open2europe.com\/es\/wp-json\/wp\/v2\/pages\/23066\/revisions\/31622"}],"wp:attachment":[{"href":"https:\/\/open2europe.com\/es\/wp-json\/wp\/v2\/media?parent=23066"}],"curies":[{"name":"wp","href":"https:\/\/api.w.org\/{rel}","templated":true}]}}